{"id":4540,"date":"2020-02-14T18:32:49","date_gmt":"2020-02-14T18:32:49","guid":{"rendered":"https:\/\/neuroandcriticalcare.com\/?page_id=4540"},"modified":"2021-05-21T13:05:36","modified_gmt":"2021-05-21T18:05:36","slug":"noticias","status":"publish","type":"page","link":"https:\/\/www.neuroandcriticalcare.com\/en\/noticias\/","title":{"rendered":"News"},"content":{"rendered":"<div data-elementor-type=\"wp-page\" data-elementor-id=\"4540\" class=\"elementor elementor-4540\" data-elementor-settings=\"[]\">\n\t\t\t\t\t\t<div class=\"elementor-inner\">\n\t\t\t\t\t\t\t<div class=\"elementor-section-wrap\">\n\t\t\t\t\t\t\t<section class=\"elementor-section elementor-top-section elementor-element elementor-element-c67d9ea elementor-section-boxed elementor-section-height-default elementor-section-height-default\" data-id=\"c67d9ea\" data-element_type=\"section\">\n\t\t\t\t\t\t<div class=\"elementor-container elementor-column-gap-default\">\n\t\t\t\t\t\t\t<div class=\"elementor-row\">\n\t\t\t\t\t<div class=\"elementor-column elementor-col-100 elementor-top-column elementor-element elementor-element-4838da5\" data-id=\"4838da5\" data-element_type=\"column\">\n\t\t\t<div class=\"elementor-column-wrap elementor-element-populated\">\n\t\t\t\t\t\t\t<div class=\"elementor-widget-wrap\">\n\t\t\t\t\t\t<div class=\"elementor-element elementor-element-a8bb6be elementor-widget elementor-widget-heading\" data-id=\"a8bb6be\" data-element_type=\"widget\" data-widget_type=\"heading.default\">\n\t\t\t\t<div class=\"elementor-widget-container\">\n\t\t\t<h2 class=\"elementor-heading-title elementor-size-default\">News<\/h2>\t\t<\/div>\n\t\t\t\t<\/div>\n\t\t\t\t<div class=\"elementor-element elementor-element-70cff01 elementor-widget elementor-widget-elementskit-blog-posts\" data-id=\"70cff01\" data-element_type=\"widget\" data-widget_type=\"elementskit-blog-posts.default\">\n\t\t\t\t<div class=\"elementor-widget-container\">\n\t\t\t<div class=\"ekit-wid-con\" >       <div class=\"container\">\n        <div class=\"row\">\n                            <div class=\"col-md-12\">\n\n                                            <div class=\"elementskit-blog-block-post\">\n                            <div class=\"row no-gutters\">\n                                                                    <div class=\"col-md-6 d-flex align-items-center order-1\">\n                                        <a href=\"https:\/\/www.neuroandcriticalcare.com\/en\/entrevista-a-la-dra-guadalupe-castillo-abrego-en-infoanalisis\/\" class=\"elementskit-entry-thumb\">\n                                            <img decoding=\"async\" src=\"https:\/\/www.neuroandcriticalcare.com\/wp-content\/uploads\/2021\/12\/imagen_2021-12-31_143432-750x465.png\" alt=\"Entrevista a la Dra. Guadalupe Castillo Abrego en Infoan\u00e1lisis\">\n                                        <\/a><!-- .elementskit-entry-thumb END -->\n                                    <\/div>\n                                \n                                <div class=\"col-md-6 d-flex align-items-center order-2\">\n                                    <div class=\"elementskit-post-body\">\n                                        <div class=\"elementskit-entry-header\">\n                                            \n                                                                                                                                                                                            \n                                                \n                                                                                                                        <h2 class=\"entry-title\">\n                        <a href=\"https:\/\/www.neuroandcriticalcare.com\/en\/entrevista-a-la-dra-guadalupe-castillo-abrego-en-infoanalisis\/\">\n                                Entrevista a la Dra. Guadalupe Castillo Abrego en Infoan\u00e1lisis                        <\/a>\n                    <\/h2>\n                                                                                                            <\/div><!-- .elementskit-entry-header END -->\n\n                                                                                    <div class=\"elementskit-post-footer\">\n                                                                                                                                                                                                                                                <\/div><!-- .elementskit-post-footer END -->\n                                                                            <\/div><!-- .elementskit-post-body END -->\n                                <\/div>\n                            <\/div>\n                        <\/div><!-- .elementskit-blog-block-post .radius .gradient-bg END -->\n                    \n                <\/div>\n                            <div class=\"col-md-12\">\n\n                                            <div class=\"elementskit-blog-block-post\">\n                            <div class=\"row no-gutters\">\n                                                                    <div class=\"col-md-6 d-flex align-items-center order-1\">\n                                        <a href=\"https:\/\/www.neuroandcriticalcare.com\/en\/capacitacion-en-oxigenacion-por-membrana-extracorporea-ecmo\/\" class=\"elementskit-entry-thumb\">\n                                            <img decoding=\"async\" src=\"https:\/\/www.neuroandcriticalcare.com\/wp-content\/uploads\/2021\/12\/ECMO-750x465.jpeg\" alt=\"Capacitaci\u00f3n en Oxigenaci\u00f3n por Membrana Extracorp\u00f3rea &#8211; ECMO\">\n                                        <\/a><!-- .elementskit-entry-thumb END -->\n                                    <\/div>\n                                \n                                <div class=\"col-md-6 d-flex align-items-center order-2\">\n                                    <div class=\"elementskit-post-body\">\n                                        <div class=\"elementskit-entry-header\">\n                                            \n                                                                                                                                                                                            \n                                                \n                                                                                                                        <h2 class=\"entry-title\">\n                        <a href=\"https:\/\/www.neuroandcriticalcare.com\/en\/capacitacion-en-oxigenacion-por-membrana-extracorporea-ecmo\/\">\n                                Capacitaci\u00f3n en Oxigenaci\u00f3n por Membrana Extracorp\u00f3rea &#8211; ECMO                        <\/a>\n                    <\/h2>\n                                                                                                            <\/div><!-- .elementskit-entry-header END -->\n\n                                                                                    <div class=\"elementskit-post-footer\">\n                                                                                                    <p>El equipo de Neuro and Critical Care Panam\u00e1, estuvo recientemente en la prestigiosa Universidad de Par\u00eds Francia, La Peti\u00e8 Salp\u00eatri\u00e9re. En esta visita el equipo de profesionales pudo compartir ense\u00f1anzas con el m\u00e1ximo exponente de la tecnolog\u00eda ECMO (oxigenaci\u00f3n por membrana extracorp\u00f3rea), oxigenadores que ayudan a pacientes con COVID 19, falla cardiaca o problemas pulmonares [&hellip;]<\/p>\n                                                                                                                                            <\/div><!-- .elementskit-post-footer END -->\n                                                                            <\/div><!-- .elementskit-post-body END -->\n                                <\/div>\n                            <\/div>\n                        <\/div><!-- .elementskit-blog-block-post .radius .gradient-bg END -->\n                    \n                <\/div>\n                            <div class=\"col-md-12\">\n\n                                            <div class=\"elementskit-blog-block-post\">\n                            <div class=\"row no-gutters\">\n                                                                    <div class=\"col-md-6 d-flex align-items-center order-1\">\n                                        <a href=\"https:\/\/www.neuroandcriticalcare.com\/en\/dra-guadalupe-castillo-abrego-neurocritical-care-society\/\" class=\"elementskit-entry-thumb\">\n                                            <img decoding=\"async\" src=\"https:\/\/www.neuroandcriticalcare.com\/wp-content\/uploads\/2020\/02\/CAST-750x465.jpg\" alt=\"La Dra. Guadalupe Castillo \u00c1brego es electa Board Director del Neurocritical Care Society en Estados Unidos\">\n                                        <\/a><!-- .elementskit-entry-thumb END -->\n                                    <\/div>\n                                \n                                <div class=\"col-md-6 d-flex align-items-center order-2\">\n                                    <div class=\"elementskit-post-body\">\n                                        <div class=\"elementskit-entry-header\">\n                                            \n                                                                                                                                                                                            \n                                                \n                                                                                                                        <h2 class=\"entry-title\">\n                        <a href=\"https:\/\/www.neuroandcriticalcare.com\/en\/dra-guadalupe-castillo-abrego-neurocritical-care-society\/\">\n                                La Dra. Guadalupe Castillo \u00c1brego es electa Board Director del Neurocritical Care Society en Estados Unidos                        <\/a>\n                    <\/h2>\n                                                                                                            <\/div><!-- .elementskit-entry-header END -->\n\n                                                                                    <div class=\"elementskit-post-footer\">\n                                                                                                    <p>Felicitamos a la Dra. Guadalupe Castillo \u00c1brego &#8211; Intensivista, Cirujana y Neurointensivista, quien por segunda ocasi\u00f3n es electa Board Director del Neurocritical Care Society en Estados Unidos,sociedad internacional multidisciplinaria de neurointensivismo, fundada en 2002, de la cual ha recibido m\u00faltiples premios y reconocimientos. Esta prestigiosa Sociedad cient\u00edfica y acad\u00e9mica internacional est\u00e1 enfocada en la mejora, [&hellip;]<\/p>\n                                                                                                                                            <\/div><!-- .elementskit-post-footer END -->\n                                                                            <\/div><!-- .elementskit-post-body END -->\n                                <\/div>\n                            <\/div>\n                        <\/div><!-- .elementskit-blog-block-post .radius .gradient-bg END -->\n                    \n                <\/div>\n                            <div class=\"col-md-12\">\n\n                                            <div class=\"elementskit-blog-block-post\">\n                            <div class=\"row no-gutters\">\n                                                                    <div class=\"col-md-6 d-flex align-items-center order-1\">\n                                        <a href=\"https:\/\/www.neuroandcriticalcare.com\/en\/la-importancia-de-la-nutricion-en-los-pacientes-criticos\/\" class=\"elementskit-entry-thumb\">\n                                            <img decoding=\"async\" src=\"https:\/\/www.neuroandcriticalcare.com\/wp-content\/uploads\/2021\/05\/La-importancia-de-la-nutricion-en-los-pacientes-criticos-750x465.jpg\" alt=\"La importancia de la nutrici\u00f3n en los pacientes cr\u00edticos\">\n                                        <\/a><!-- .elementskit-entry-thumb END -->\n                                    <\/div>\n                                \n                                <div class=\"col-md-6 d-flex align-items-center order-2\">\n                                    <div class=\"elementskit-post-body\">\n                                        <div class=\"elementskit-entry-header\">\n                                            \n                                                                                                                                                                                            \n                                                \n                                                                                                                        <h2 class=\"entry-title\">\n                        <a href=\"https:\/\/www.neuroandcriticalcare.com\/en\/la-importancia-de-la-nutricion-en-los-pacientes-criticos\/\">\n                                La importancia de la nutrici\u00f3n en los pacientes cr\u00edticos                        <\/a>\n                    <\/h2>\n                                                                                                            <\/div><!-- .elementskit-entry-header END -->\n\n                                                                                    <div class=\"elementskit-post-footer\">\n                                                                                                    <p>Cuando una persona tiene una enfermedad leve, sus necesidades nutricionales puede que aumenten un poco, por lo que es necesario aumentar el aporte de nutrientes que recibe, ya sea que se encuentre en casa o que, en el escenario de que su estado empeore, tenga que recibir hospitalizaci\u00f3n.<\/p>\n                                                                                                                                            <\/div><!-- .elementskit-post-footer END -->\n                                                                            <\/div><!-- .elementskit-post-body END -->\n                                <\/div>\n                            <\/div>\n                        <\/div><!-- .elementskit-blog-block-post .radius .gradient-bg END -->\n                    \n                <\/div>\n                    <\/div>\n       <\/div>\n       <\/div>\t\t<\/div>\n\t\t\t\t<\/div>\n\t\t\t\t<div class=\"elementor-element elementor-element-feb86cf elementor-widget elementor-widget-heading\" data-id=\"feb86cf\" data-element_type=\"widget\" data-widget_type=\"heading.default\">\n\t\t\t\t<div class=\"elementor-widget-container\">\n\t\t\t<h2 class=\"elementor-heading-title elementor-size-default\">Next Events<\/h2>\t\t<\/div>\n\t\t\t\t<\/div>\n\t\t\t\t<div class=\"elementor-element elementor-element-216683f elementor-widget elementor-widget-text-editor\" data-id=\"216683f\" data-element_type=\"widget\" data-widget_type=\"text-editor.default\">\n\t\t\t\t<div class=\"elementor-widget-container\">\n\t\t\t\t\t<div class=\"elementor-text-editor elementor-clearfix\"><p><iframe loading=\"lazy\" style=\"border: 0;\" src=\"https:\/\/calendar.google.com\/calendar\/embed?src=neuroandcriticalcare.com_prgeeoeipaqeggkkhplb096i0o%40group.calendar.google.com&amp;ctz=America%2FPanama\" width=\"800\" height=\"600\" frameborder=\"0\" scrolling=\"no\"><\/iframe><\/p><\/div>\n\t\t\t\t<\/div>\n\t\t\t\t<\/div>\n\t\t\t\t\t\t<\/div>\n\t\t\t\t\t<\/div>\n\t\t<\/div>\n\t\t\t\t\t\t\t\t<\/div>\n\t\t\t\t\t<\/div>\n\t\t<\/section>\n\t\t\t\t\t\t<\/div>\n\t\t\t\t\t\t<\/div>\n\t\t\t\t\t<\/div>","protected":false},"excerpt":{"rendered":"<p>Noticias \u00bfCual es la Mejor Estrategia para Reemplazo Renal en la UTI? Agradecemos gentil invitaci\u00f3n de la sociedad de cuidados intensivos de estados unidos SCCM para dar conferencia de di\u00e1lisis intermitente en cuidados intensivos. The Neurocritical Care Asia and Oceanic Chapter Annual Meet 2020 Agradecemos gentil invitacion a dar Conferencia en el proximo congreso del [&hellip;]<\/p>","protected":false},"author":1,"featured_media":0,"parent":0,"menu_order":0,"comment_status":"closed","ping_status":"closed","template":"","meta":[],"yoast_head":"<!-- This site is optimized with the Yoast SEO plugin v20.1 - https:\/\/yoast.com\/wordpress\/plugins\/seo\/ -->\n<title>Informaci\u00f3n sobre emergencias m\u00e9dicas en Panam\u00e1<\/title>\n<meta name=\"description\" content=\"Noticias e informaci\u00f3n sobre cuidados, enfermedades y emergencias m\u00e9dicas que afectan a los ciudadanos en Panam\u00e1...\" \/>\n<meta name=\"robots\" content=\"index, follow, max-snippet:-1, max-image-preview:large, max-video-preview:-1\" \/>\n<link rel=\"canonical\" href=\"https:\/\/www.neuroandcriticalcare.com\/en\/noticias\/\" \/>\n<meta property=\"og:locale\" content=\"en_US\" \/>\n<meta property=\"og:type\" content=\"article\" \/>\n<meta property=\"og:title\" content=\"Informaci\u00f3n sobre emergencias m\u00e9dicas en Panam\u00e1\" \/>\n<meta property=\"og:description\" content=\"Noticias e informaci\u00f3n sobre cuidados, enfermedades y emergencias m\u00e9dicas que afectan a los ciudadanos en Panam\u00e1...\" \/>\n<meta property=\"og:url\" content=\"https:\/\/www.neuroandcriticalcare.com\/en\/noticias\/\" \/>\n<meta property=\"og:site_name\" content=\"Neuro and Critical Care\" \/>\n<meta property=\"article:modified_time\" content=\"2021-05-21T18:05:36+00:00\" \/>\n<meta property=\"og:image\" content=\"https:\/\/neuroandcriticalcare.com\/wp-content\/uploads\/2020\/02\/81490863_100862148152870_6240458159563800714_n-640x465.jpg\" \/>\n<meta name=\"twitter:card\" content=\"summary_large_image\" \/>\n<script type=\"application\/ld+json\" class=\"yoast-schema-graph\">{\"@context\":\"https:\/\/schema.org\",\"@graph\":[{\"@type\":\"WebPage\",\"@id\":\"https:\/\/www.neuroandcriticalcare.com\/noticias\/\",\"url\":\"https:\/\/www.neuroandcriticalcare.com\/noticias\/\",\"name\":\"Informaci\u00f3n sobre emergencias m\u00e9dicas en Panam\u00e1\",\"isPartOf\":{\"@id\":\"https:\/\/www.neuroandcriticalcare.com\/#website\"},\"datePublished\":\"2020-02-14T18:32:49+00:00\",\"dateModified\":\"2021-05-21T18:05:36+00:00\",\"description\":\"Noticias e informaci\u00f3n sobre cuidados, enfermedades y emergencias m\u00e9dicas que afectan a los ciudadanos en Panam\u00e1...\",\"breadcrumb\":{\"@id\":\"https:\/\/www.neuroandcriticalcare.com\/noticias\/#breadcrumb\"},\"inLanguage\":\"en-US\",\"potentialAction\":[{\"@type\":\"ReadAction\",\"target\":[\"https:\/\/www.neuroandcriticalcare.com\/noticias\/\"]}]},{\"@type\":\"BreadcrumbList\",\"@id\":\"https:\/\/www.neuroandcriticalcare.com\/noticias\/#breadcrumb\",\"itemListElement\":[{\"@type\":\"ListItem\",\"position\":1,\"name\":\"Home\",\"item\":\"https:\/\/www.neuroandcriticalcare.com\/\"},{\"@type\":\"ListItem\",\"position\":2,\"name\":\"Noticias\"}]},{\"@type\":\"WebSite\",\"@id\":\"https:\/\/www.neuroandcriticalcare.com\/#website\",\"url\":\"https:\/\/www.neuroandcriticalcare.com\/\",\"name\":\"Neuro and Critical Care\",\"description\":\"\",\"potentialAction\":[{\"@type\":\"SearchAction\",\"target\":{\"@type\":\"EntryPoint\",\"urlTemplate\":\"https:\/\/www.neuroandcriticalcare.com\/?s={search_term_string}\"},\"query-input\":\"required name=search_term_string\"}],\"inLanguage\":\"en-US\"}]}<\/script>\n<!-- \/ Yoast SEO plugin. -->","yoast_head_json":{"title":"Informaci\u00f3n sobre emergencias m\u00e9dicas en Panam\u00e1","description":"Noticias e informaci\u00f3n sobre cuidados, enfermedades y emergencias m\u00e9dicas que afectan a los ciudadanos en Panam\u00e1...","robots":{"index":"index","follow":"follow","max-snippet":"max-snippet:-1","max-image-preview":"max-image-preview:large","max-video-preview":"max-video-preview:-1"},"canonical":"https:\/\/www.neuroandcriticalcare.com\/en\/noticias\/","og_locale":"en_US","og_type":"article","og_title":"Informaci\u00f3n sobre emergencias m\u00e9dicas en Panam\u00e1","og_description":"Noticias e informaci\u00f3n sobre cuidados, enfermedades y emergencias m\u00e9dicas que afectan a los ciudadanos en Panam\u00e1...","og_url":"https:\/\/www.neuroandcriticalcare.com\/en\/noticias\/","og_site_name":"Neuro and Critical Care","article_modified_time":"2021-05-21T18:05:36+00:00","og_image":[{"url":"https:\/\/neuroandcriticalcare.com\/wp-content\/uploads\/2020\/02\/81490863_100862148152870_6240458159563800714_n-640x465.jpg"}],"twitter_card":"summary_large_image","schema":{"@context":"https:\/\/schema.org","@graph":[{"@type":"WebPage","@id":"https:\/\/www.neuroandcriticalcare.com\/noticias\/","url":"https:\/\/www.neuroandcriticalcare.com\/noticias\/","name":"Informaci\u00f3n sobre emergencias m\u00e9dicas en Panam\u00e1","isPartOf":{"@id":"https:\/\/www.neuroandcriticalcare.com\/#website"},"datePublished":"2020-02-14T18:32:49+00:00","dateModified":"2021-05-21T18:05:36+00:00","description":"Noticias e informaci\u00f3n sobre cuidados, enfermedades y emergencias m\u00e9dicas que afectan a los ciudadanos en Panam\u00e1...","breadcrumb":{"@id":"https:\/\/www.neuroandcriticalcare.com\/noticias\/#breadcrumb"},"inLanguage":"en-US","potentialAction":[{"@type":"ReadAction","target":["https:\/\/www.neuroandcriticalcare.com\/noticias\/"]}]},{"@type":"BreadcrumbList","@id":"https:\/\/www.neuroandcriticalcare.com\/noticias\/#breadcrumb","itemListElement":[{"@type":"ListItem","position":1,"name":"Home","item":"https:\/\/www.neuroandcriticalcare.com\/"},{"@type":"ListItem","position":2,"name":"Noticias"}]},{"@type":"WebSite","@id":"https:\/\/www.neuroandcriticalcare.com\/#website","url":"https:\/\/www.neuroandcriticalcare.com\/","name":"Neuro and Critical Care","description":"","potentialAction":[{"@type":"SearchAction","target":{"@type":"EntryPoint","urlTemplate":"https:\/\/www.neuroandcriticalcare.com\/?s={search_term_string}"},"query-input":"required name=search_term_string"}],"inLanguage":"en-US"}]}},"_links":{"self":[{"href":"https:\/\/www.neuroandcriticalcare.com\/en\/wp-json\/wp\/v2\/pages\/4540"}],"collection":[{"href":"https:\/\/www.neuroandcriticalcare.com\/en\/wp-json\/wp\/v2\/pages"}],"about":[{"href":"https:\/\/www.neuroandcriticalcare.com\/en\/wp-json\/wp\/v2\/types\/page"}],"author":[{"embeddable":true,"href":"https:\/\/www.neuroandcriticalcare.com\/en\/wp-json\/wp\/v2\/users\/1"}],"replies":[{"embeddable":true,"href":"https:\/\/www.neuroandcriticalcare.com\/en\/wp-json\/wp\/v2\/comments?post=4540"}],"version-history":[{"count":23,"href":"https:\/\/www.neuroandcriticalcare.com\/en\/wp-json\/wp\/v2\/pages\/4540\/revisions"}],"predecessor-version":[{"id":6092,"href":"https:\/\/www.neuroandcriticalcare.com\/en\/wp-json\/wp\/v2\/pages\/4540\/revisions\/6092"}],"wp:attachment":[{"href":"https:\/\/www.neuroandcriticalcare.com\/en\/wp-json\/wp\/v2\/media?parent=4540"}],"curies":[{"name":"wp","href":"https:\/\/api.w.org\/{rel}","templated":true}]}}